{"id":4641,"date":"2021-02-19T13:53:53","date_gmt":"2021-02-19T12:53:53","guid":{"rendered":"https:\/\/prelive.mayerschaltechnik.de\/impressum\/"},"modified":"2025-09-02T09:23:26","modified_gmt":"2025-09-02T07:23:26","slug":"impressum","status":"publish","type":"page","link":"https:\/\/www.mayerschaltechnik.de\/en\/impressum\/","title":{"rendered":"Legal notice"},"content":{"rendered":"\t\t<div data-elementor-type=\"wp-page\" data-elementor-id=\"4641\" class=\"elementor elementor-4641 elementor-224\" data-elementor-post-type=\"page\">\n\t\t\t\t\t\t<section class=\"elementor-section elementor-top-section elementor-element elementor-element-88e2f50 elementor-section-full_width elementor-reverse-tablet elementor-reverse-mobile elementor-section-height-default elementor-section-height-default\" data-id=\"88e2f50\" data-element_type=\"section\" data-e-type=\"section\">\n\t\t\t\t\t\t<div class=\"elementor-container elementor-column-gap-default\">\n\t\t\t\t\t<div class=\"elementor-column elementor-col-50 elementor-top-column elementor-element elementor-element-67ff16a ado-sticky-section-wrapper\" data-id=\"67ff16a\" data-element_type=\"column\" data-e-type=\"column\">\n\t\t\t<div class=\"elementor-widget-wrap elementor-element-populated\">\n\t\t\t\t\t\t<div class=\"elementor-element elementor-element-b67374a elementor-widget elementor-widget-heading\" data-id=\"b67374a\" data-element_type=\"widget\" data-e-type=\"widget\" data-widget_type=\"heading.default\">\n\t\t\t\t<div class=\"elementor-widget-container\">\n\t\t\t\t\t<h1 class=\"elementor-heading-title elementor-size-default\">Legal notice<\/h1>\t\t\t\t<\/div>\n\t\t\t\t<\/div>\n\t\t\t\t<div class=\"elementor-element elementor-element-222e3e6 elementor-widget elementor-widget-text-editor\" data-id=\"222e3e6\" data-element_type=\"widget\" data-e-type=\"widget\" data-widget_type=\"text-editor.default\">\n\t\t\t\t<div class=\"elementor-widget-container\">\n\t\t\t\t\t\t\t\t\t<p class=\"p1\">Source: German version produced with the <a href=\"https:\/\/www.adsimple.de\/impressum-generator\/\"><span class=\"s1\">Impressum Generator<\/span><\/a> from AdSimple.<\/p>\t\t\t\t\t\t\t\t<\/div>\n\t\t\t\t<\/div>\n\t\t\t\t<div class=\"elementor-element elementor-element-c14f89d elementor-widget elementor-widget-heading\" data-id=\"c14f89d\" data-element_type=\"widget\" data-e-type=\"widget\" data-widget_type=\"heading.default\">\n\t\t\t\t<div class=\"elementor-widget-container\">\n\t\t\t\t\t<div class=\"elementor-heading-title elementor-size-default\">Settlement of disputes<\/div>\t\t\t\t<\/div>\n\t\t\t\t<\/div>\n\t\t\t\t<div class=\"elementor-element elementor-element-2256a83 elementor-widget elementor-widget-text-editor\" data-id=\"2256a83\" data-element_type=\"widget\" data-e-type=\"widget\" data-widget_type=\"text-editor.default\">\n\t\t\t\t<div class=\"elementor-widget-container\">\n\t\t\t\t\t\t\t\t\t<p class=\"p1\">However, we would like to point out that we are not prepared or obliged to participate in a dispute resolution procedure in front of a consumer arbitration body.<\/p>\t\t\t\t\t\t\t\t<\/div>\n\t\t\t\t<\/div>\n\t\t\t\t<div class=\"elementor-element elementor-element-35f9bc7 elementor-widget elementor-widget-heading\" data-id=\"35f9bc7\" data-element_type=\"widget\" data-e-type=\"widget\" data-widget_type=\"heading.default\">\n\t\t\t\t<div class=\"elementor-widget-container\">\n\t\t\t\t\t<div class=\"elementor-heading-title elementor-size-default\">Liability for the content of this website<\/div>\t\t\t\t<\/div>\n\t\t\t\t<\/div>\n\t\t\t\t<div class=\"elementor-element elementor-element-075e4c4 elementor-widget elementor-widget-text-editor\" data-id=\"075e4c4\" data-element_type=\"widget\" data-e-type=\"widget\" data-widget_type=\"text-editor.default\">\n\t\t\t\t<div class=\"elementor-widget-container\">\n\t\t\t\t\t\t\t\t\t<p class=\"p1\">We are constantly developing the content of this website and endeavour to provide correct, up-to-date information. As a service provider, art. 7(1) of the German Telemedia Act <span class=\"s1\">(<a href=\"https:\/\/www.gesetze-im-internet.de\/tmg\/index.html#BJNR017910007BJNE000701124\" target=\"_blank\" rel=\"noopener\">D<\/a>DG<\/span>) requires that we take responsibility for content provided by us on this website in accordance with general legislation. Unfortunately, we cannot assume liability for all the content of this website, in particular, for content provided by third parties. As a service provider in the meaning of DDG art. 8 to 10, we are not obliged to monitor the information transmitted or stored by third parties or to search for circumstances that indicate an illegal activity.<\/p>\n<p>Our obligations to remove information or block the use of information according to general legislation on the basis of the directives of courts or authorities also remain unaffected where DDG art. 8 to 10 deems we are not liable.<\/p>\n<p>If you notice problematic or illegal content, please contact us without delay so that we can remove the illegal content. Our contact details are included here in this legal notice.<\/p>\t\t\t\t\t\t\t\t<\/div>\n\t\t\t\t<\/div>\n\t\t\t\t<div class=\"elementor-element elementor-element-9a35160 elementor-widget elementor-widget-heading\" data-id=\"9a35160\" data-element_type=\"widget\" data-e-type=\"widget\" data-widget_type=\"heading.default\">\n\t\t\t\t<div class=\"elementor-widget-container\">\n\t\t\t\t\t<div class=\"elementor-heading-title elementor-size-default\">Liability for links on this website<\/div>\t\t\t\t<\/div>\n\t\t\t\t<\/div>\n\t\t\t\t<div class=\"elementor-element elementor-element-0bd3e92 elementor-widget elementor-widget-text-editor\" data-id=\"0bd3e92\" data-element_type=\"widget\" data-e-type=\"widget\" data-widget_type=\"text-editor.default\">\n\t\t\t\t<div class=\"elementor-widget-container\">\n\t\t\t\t\t\t\t\t\t<p>Our website includes links to other websites, the content of which is not our responsibility. We are not liable for websites to which we provide links, because we were not and are not aware of illegal activities, such illegal activities have not become apparent to us up to now and we would remove links immediately if illegal activities become known to us.<\/p><p>If you notice illegal links on our website, please contact us. Our contact details are included here in this legal notice.<\/p>\t\t\t\t\t\t\t\t<\/div>\n\t\t\t\t<\/div>\n\t\t\t\t<div class=\"elementor-element elementor-element-42f0e2d elementor-widget elementor-widget-heading\" data-id=\"42f0e2d\" data-element_type=\"widget\" data-e-type=\"widget\" data-widget_type=\"heading.default\">\n\t\t\t\t<div class=\"elementor-widget-container\">\n\t\t\t\t\t<div class=\"elementor-heading-title elementor-size-default\">Copyright notice<\/div>\t\t\t\t<\/div>\n\t\t\t\t<\/div>\n\t\t\t\t<div class=\"elementor-element elementor-element-0f263fc elementor-widget elementor-widget-text-editor\" data-id=\"0f263fc\" data-element_type=\"widget\" data-e-type=\"widget\" data-widget_type=\"text-editor.default\">\n\t\t\t\t<div class=\"elementor-widget-container\">\n\t\t\t\t\t\t\t\t\t<p>All the content of this website (images, photographs, texts, videos) is covered by the copyright legislation of the Federal Republic of Germany. Please contact us before you distribute, reproduce or use any content from this website, e.g. republish on other websites. Where necessary, we shall take legal action to prohibit the unauthorised use of any content from our website.<\/p><p>If you notice content on this website which infringes copyright legislation, please contact us.<\/p>\t\t\t\t\t\t\t\t<\/div>\n\t\t\t\t<\/div>\n\t\t\t\t<div class=\"elementor-element elementor-element-7700657 elementor-widget elementor-widget-heading\" data-id=\"7700657\" data-element_type=\"widget\" data-e-type=\"widget\" data-widget_type=\"heading.default\">\n\t\t\t\t<div class=\"elementor-widget-container\">\n\t\t\t\t\t<div class=\"elementor-heading-title elementor-size-default\">Picture credits<\/div>\t\t\t\t<\/div>\n\t\t\t\t<\/div>\n\t\t\t\t<div class=\"elementor-element elementor-element-fc1f208 elementor-widget elementor-widget-text-editor\" data-id=\"fc1f208\" data-element_type=\"widget\" data-e-type=\"widget\" data-widget_type=\"text-editor.default\">\n\t\t\t\t<div class=\"elementor-widget-container\">\n\t\t\t\t\t\t\t\t\t<p>The images, photographs and graphics on this website are protected by copyright.<\/p><p>The images are the responsibility of the following:<\/p><ul class=\"ul1\"><li class=\"li1\">Mayer Schaltechnik GmbH<\/li><li class=\"li1\">Friedrich Ischebeck GmbH<\/li><li class=\"li1\">Daniel Schwarz<\/li><\/ul>\t\t\t\t\t\t\t\t<\/div>\n\t\t\t\t<\/div>\n\t\t\t\t\t<\/div>\n\t\t<\/div>\n\t\t\t\t<div class=\"elementor-column elementor-col-50 elementor-top-column elementor-element elementor-element-59a15a9 ado-sticky-section-wrapper\" data-id=\"59a15a9\" data-element_type=\"column\" data-e-type=\"column\">\n\t\t\t<div class=\"elementor-widget-wrap elementor-element-populated\">\n\t\t\t\t\t\t<section class=\"elementor-section elementor-inner-section elementor-element elementor-element-f709bc6 elementor-section-boxed elementor-section-height-default elementor-section-height-default\" data-id=\"f709bc6\" data-element_type=\"section\" data-e-type=\"section\" data-settings=\"{&quot;sticky&quot;:&quot;top&quot;,&quot;sticky_on&quot;:[&quot;desktop&quot;],&quot;sticky_offset&quot;:100,&quot;sticky_parent&quot;:&quot;yes&quot;,&quot;sticky_effects_offset&quot;:0,&quot;sticky_anchor_link_offset&quot;:0}\">\n\t\t\t\t\t\t<div class=\"elementor-container elementor-column-gap-default\">\n\t\t\t\t\t<div class=\"elementor-column elementor-col-100 elementor-inner-column elementor-element elementor-element-928cf87\" data-id=\"928cf87\" data-element_type=\"column\" data-e-type=\"column\">\n\t\t\t<div class=\"elementor-widget-wrap elementor-element-populated\">\n\t\t\t\t\t\t<div class=\"elementor-element elementor-element-d91ea28 elementor-widget elementor-widget-heading\" data-id=\"d91ea28\" data-element_type=\"widget\" data-e-type=\"widget\" data-widget_type=\"heading.default\">\n\t\t\t\t<div class=\"elementor-widget-container\">\n\t\t\t\t\t<h4 class=\"elementor-heading-title elementor-size-default\">Contact<\/h4>\t\t\t\t<\/div>\n\t\t\t\t<\/div>\n\t\t\t\t<div class=\"elementor-element elementor-element-d6229af elementor-widget elementor-widget-text-editor\" data-id=\"d6229af\" data-element_type=\"widget\" data-e-type=\"widget\" data-widget_type=\"text-editor.default\">\n\t\t\t\t<div class=\"elementor-widget-container\">\n\t\t\t\t\t\t\t\t\t<p class=\"p1\">Information obligation according to DDG art. 5<\/p>\t\t\t\t\t\t\t\t<\/div>\n\t\t\t\t<\/div>\n\t\t\t\t<div class=\"elementor-element elementor-element-79495e3 elementor-widget elementor-widget-heading\" data-id=\"79495e3\" data-element_type=\"widget\" data-e-type=\"widget\" data-widget_type=\"heading.default\">\n\t\t\t\t<div class=\"elementor-widget-container\">\n\t\t\t\t\t<div class=\"elementor-heading-title elementor-size-default\">Mayer Schaltechnik GmbH <\/br>www.mayerschaltechnik.de<\/div>\t\t\t\t<\/div>\n\t\t\t\t<\/div>\n\t\t\t\t<div class=\"elementor-element elementor-element-ea70713 elementor-widget elementor-widget-text-editor\" data-id=\"ea70713\" data-element_type=\"widget\" data-e-type=\"widget\" data-widget_type=\"text-editor.default\">\n\t\t\t\t<div class=\"elementor-widget-container\">\n\t\t\t\t\t\t\t\t\t<p class=\"p1\">Richtbergstr. 8<br \/>97493 Bergrheinfeld<br \/>Germany<\/p><p><strong>VAT ID No:<\/strong> DE 134 175 871<br \/><strong>Register:<\/strong> Companies Register<br \/><strong>Regd. No:<\/strong> HRB 2673<br \/><strong>Registered with:<\/strong> Schweinfurt Local Court<\/p><p><strong>Tel:<\/strong> <a href=\"tel:0972178960\">+49 (0)9721 78960<\/a><br \/><strong>Mail:<\/strong> <a href=\"mailto:info@mayerschaltechnik.de\">info@mayerschaltechnik.de<\/a><\/p><p class=\"p1\"><strong>Managing Directors:<\/strong><br \/>Marion Mayer-Sorgo, Andrea Neubert<\/p>\t\t\t\t\t\t\t\t<\/div>\n\t\t\t\t<\/div>\n\t\t\t\t\t<\/div>\n\t\t<\/div>\n\t\t\t\t\t<\/div>\n\t\t<\/section>\n\t\t\t\t\t<\/div>\n\t\t<\/div>\n\t\t\t\t\t<\/div>\n\t\t<\/section>\n\t\t\t\t<section class=\"elementor-section elementor-top-section elementor-element elementor-element-ed72bf7 elementor-section-full_width elementor-section-height-default elementor-section-height-default\" data-id=\"ed72bf7\" data-element_type=\"section\" data-e-type=\"section\">\n\t\t\t\t\t\t<div class=\"elementor-container elementor-column-gap-default\">\n\t\t\t\t\t<div class=\"elementor-column elementor-col-100 elementor-top-column elementor-element elementor-element-991e7bf\" data-id=\"991e7bf\" data-element_type=\"column\" data-e-type=\"column\">\n\t\t\t<div class=\"elementor-widget-wrap elementor-element-populated\">\n\t\t\t\t\t\t<section class=\"elementor-section elementor-inner-section elementor-element elementor-element-d951a75 elementor-section-full_width elementor-section-height-default elementor-section-height-default\" data-id=\"d951a75\" data-element_type=\"section\" data-e-type=\"section\">\n\t\t\t\t\t\t<div class=\"elementor-container elementor-column-gap-default\">\n\t\t\t\t\t<div class=\"elementor-column elementor-col-50 elementor-inner-column elementor-element elementor-element-b31911e\" data-id=\"b31911e\" data-element_type=\"column\" data-e-type=\"column\">\n\t\t\t<div class=\"elementor-widget-wrap\">\n\t\t\t\t\t\t\t<\/div>\n\t\t<\/div>\n\t\t\t\t<div class=\"elementor-column elementor-col-50 elementor-inner-column elementor-element elementor-element-e20ff47\" data-id=\"e20ff47\" data-element_type=\"column\" data-e-type=\"column\">\n\t\t\t<div class=\"elementor-widget-wrap elementor-element-populated\">\n\t\t\t\t\t\t<div class=\"elementor-element elementor-element-f9957ae elementor-widget elementor-widget-text-editor\" data-id=\"f9957ae\" data-element_type=\"widget\" data-e-type=\"widget\" data-widget_type=\"text-editor.default\">\n\t\t\t\t<div class=\"elementor-widget-container\">\n\t\t\t\t\t\t\t\t\t<p>We look forward to hearing from you!<\/p>\t\t\t\t\t\t\t\t<\/div>\n\t\t\t\t<\/div>\n\t\t\t\t<div class=\"elementor-element elementor-element-6aa7780 elementor-widget elementor-widget-heading\" data-id=\"6aa7780\" data-element_type=\"widget\" data-e-type=\"widget\" data-widget_type=\"heading.default\">\n\t\t\t\t<div class=\"elementor-widget-container\">\n\t\t\t\t\t<h2 class=\"elementor-heading-title elementor-size-default\">Let\u2019s talk about your project!<\/h2>\t\t\t\t<\/div>\n\t\t\t\t<\/div>\n\t\t\t\t<div class=\"elementor-element elementor-element-17e3761 elementor-align-justify elementor-widget elementor-widget-button\" data-id=\"17e3761\" data-element_type=\"widget\" data-e-type=\"widget\" data-widget_type=\"button.default\">\n\t\t\t\t<div class=\"elementor-widget-container\">\n\t\t\t\t\t\t\t\t\t<div class=\"elementor-button-wrapper\">\n\t\t\t\t\t<a class=\"elementor-button elementor-button-link elementor-size-sm\" href=\"#elementor-action%3Aaction%3Dpopup%3Aopen%26settings%3DeyJpZCI6NDg2NCwidG9nZ2xlIjpmYWxzZX0%3D\">\n\t\t\t\t\t\t<span class=\"elementor-button-content-wrapper\">\n\t\t\t\t\t\t\t\t\t<span class=\"elementor-button-text\">Contact<\/span>\n\t\t\t\t\t<\/span>\n\t\t\t\t\t<\/a>\n\t\t\t\t<\/div>\n\t\t\t\t\t\t\t\t<\/div>\n\t\t\t\t<\/div>\n\t\t\t\t\t<\/div>\n\t\t<\/div>\n\t\t\t\t\t<\/div>\n\t\t<\/section>\n\t\t\t\t\t<\/div>\n\t\t<\/div>\n\t\t\t\t\t<\/div>\n\t\t<\/section>\n\t\t\t\t<\/div>\n\t\t","protected":false},"excerpt":{"rendered":"<p>Mayer Schaltechnik GmbH, Richtbergstra\u00dfe 8, 97493 Bergrheinfeld, Tel. +49 (0)9721-78960, Fax. +49 (0)9721-789666, E-Mail: info@mayerschaltechnik.de, Gesch\u00e4ftsf\u00fchrer: Bernhard Mayer, Andrea Neubert, HRB 2673 AG Schweinfurt, UST-IDNR: DE134175871<\/p>\n","protected":false},"author":13,"featured_media":0,"parent":0,"menu_order":0,"comment_status":"closed","ping_status":"closed","template":"","meta":{"_acf_changed":false,"footnotes":""},"class_list":["post-4641","page","type-page","status-publish","hentry"],"acf":[],"yoast_head":"<!-- This site is optimized with the Yoast SEO plugin v27.4 - https:\/\/yoast.com\/product\/yoast-seo-wordpress\/ -->\n<title>Legal Notice | Mayer Schaltechnik GmbH<\/title>\n<meta name=\"description\" content=\"This is the legal notice of Mayer Schaltechnik GmbH, Richtbergstr. 8, 97493 Bergrheinfeld, Germany, Phone: +49 (0)9721 78960.\" \/>\n<meta name=\"robots\" content=\"index, follow, max-snippet:-1, max-image-preview:large, max-video-preview:-1\" \/>\n<link rel=\"canonical\" href=\"https:\/\/www.mayerschaltechnik.de\/impressum\/\" \/>\n<meta property=\"og:locale\" content=\"en_US\" \/>\n<meta property=\"og:type\" content=\"article\" \/>\n<meta property=\"og:title\" content=\"Legal Notice | Mayer Schaltechnik GmbH\" \/>\n<meta property=\"og:description\" content=\"This is the legal notice of Mayer Schaltechnik GmbH, Richtbergstr. 8, 97493 Bergrheinfeld, Germany, Phone: +49 (0)9721 78960.\" \/>\n<meta property=\"og:url\" content=\"https:\/\/www.mayerschaltechnik.de\/impressum\/\" \/>\n<meta property=\"og:site_name\" content=\"Mayer Schaltechnik GmbH\" \/>\n<meta property=\"article:publisher\" content=\"https:\/\/www.facebook.com\/mayerschaltechnik\/\" \/>\n<meta property=\"article:modified_time\" content=\"2025-09-02T07:23:26+00:00\" \/>\n<meta name=\"twitter:card\" content=\"summary_large_image\" \/>\n<meta name=\"twitter:label1\" content=\"Est. reading time\" \/>\n\t<meta name=\"twitter:data1\" content=\"3 minutes\" \/>\n<script type=\"application\/ld+json\" class=\"yoast-schema-graph\">{\"@context\":\"https:\\\/\\\/schema.org\",\"@graph\":[{\"@type\":\"WebPage\",\"@id\":\"https:\\\/\\\/www.mayerschaltechnik.de\\\/impressum\\\/\",\"url\":\"https:\\\/\\\/www.mayerschaltechnik.de\\\/impressum\\\/\",\"name\":\"Legal Notice | Mayer Schaltechnik GmbH\",\"isPartOf\":{\"@id\":\"https:\\\/\\\/www.mayerschaltechnik.de\\\/#website\"},\"datePublished\":\"2021-02-19T12:53:53+00:00\",\"dateModified\":\"2025-09-02T07:23:26+00:00\",\"description\":\"This is the legal notice of Mayer Schaltechnik GmbH, Richtbergstr. 8, 97493 Bergrheinfeld, Germany, Phone: +49 (0)9721 78960.\",\"breadcrumb\":{\"@id\":\"https:\\\/\\\/www.mayerschaltechnik.de\\\/impressum\\\/#breadcrumb\"},\"inLanguage\":\"en-US\",\"potentialAction\":[{\"@type\":\"ReadAction\",\"target\":[\"https:\\\/\\\/www.mayerschaltechnik.de\\\/impressum\\\/\"]}]},{\"@type\":\"BreadcrumbList\",\"@id\":\"https:\\\/\\\/www.mayerschaltechnik.de\\\/impressum\\\/#breadcrumb\",\"itemListElement\":[{\"@type\":\"ListItem\",\"position\":1,\"name\":\"Startseite\",\"item\":\"https:\\\/\\\/www.mayerschaltechnik.de\\\/en\\\/\"},{\"@type\":\"ListItem\",\"position\":2,\"name\":\"Legal notice\"}]},{\"@type\":\"WebSite\",\"@id\":\"https:\\\/\\\/www.mayerschaltechnik.de\\\/#website\",\"url\":\"https:\\\/\\\/www.mayerschaltechnik.de\\\/\",\"name\":\"Mayer Schaltechnik GmbH\",\"description\":\"\",\"publisher\":{\"@id\":\"https:\\\/\\\/www.mayerschaltechnik.de\\\/#organization\"},\"potentialAction\":[{\"@type\":\"SearchAction\",\"target\":{\"@type\":\"EntryPoint\",\"urlTemplate\":\"https:\\\/\\\/www.mayerschaltechnik.de\\\/?s={search_term_string}\"},\"query-input\":{\"@type\":\"PropertyValueSpecification\",\"valueRequired\":true,\"valueName\":\"search_term_string\"}}],\"inLanguage\":\"en-US\"},{\"@type\":\"Organization\",\"@id\":\"https:\\\/\\\/www.mayerschaltechnik.de\\\/#organization\",\"name\":\"Mayer Schaltechnik GmbH\",\"url\":\"https:\\\/\\\/www.mayerschaltechnik.de\\\/\",\"logo\":{\"@type\":\"ImageObject\",\"inLanguage\":\"en-US\",\"@id\":\"https:\\\/\\\/www.mayerschaltechnik.de\\\/#\\\/schema\\\/logo\\\/image\\\/\",\"url\":\"https:\\\/\\\/www.mayerschaltechnik.de\\\/wp-content\\\/uploads\\\/2021\\\/02\\\/logo-schwarz-1.svg\",\"contentUrl\":\"https:\\\/\\\/www.mayerschaltechnik.de\\\/wp-content\\\/uploads\\\/2021\\\/02\\\/logo-schwarz-1.svg\",\"width\":1,\"height\":1,\"caption\":\"Mayer Schaltechnik GmbH\"},\"image\":{\"@id\":\"https:\\\/\\\/www.mayerschaltechnik.de\\\/#\\\/schema\\\/logo\\\/image\\\/\"},\"sameAs\":[\"https:\\\/\\\/www.facebook.com\\\/mayerschaltechnik\\\/\",\"https:\\\/\\\/www.linkedin.com\\\/company\\\/mayer-schaltechnik-gmbh\\\/\",\"https:\\\/\\\/www.xing.com\\\/pages\\\/mayer-schaltechnik-gmbh\\\/\",\"https:\\\/\\\/www.youtube.com\\\/channel\\\/UCrNc0AeuwrX6S-m9fAUj0wg\"]}]}<\/script>\n<!-- \/ Yoast SEO plugin. -->","yoast_head_json":{"title":"Legal Notice | Mayer Schaltechnik GmbH","description":"This is the legal notice of Mayer Schaltechnik GmbH, Richtbergstr. 8, 97493 Bergrheinfeld, Germany, Phone: +49 (0)9721 78960.","robots":{"index":"index","follow":"follow","max-snippet":"max-snippet:-1","max-image-preview":"max-image-preview:large","max-video-preview":"max-video-preview:-1"},"canonical":"https:\/\/www.mayerschaltechnik.de\/impressum\/","og_locale":"en_US","og_type":"article","og_title":"Legal Notice | Mayer Schaltechnik GmbH","og_description":"This is the legal notice of Mayer Schaltechnik GmbH, Richtbergstr. 8, 97493 Bergrheinfeld, Germany, Phone: +49 (0)9721 78960.","og_url":"https:\/\/www.mayerschaltechnik.de\/impressum\/","og_site_name":"Mayer Schaltechnik GmbH","article_publisher":"https:\/\/www.facebook.com\/mayerschaltechnik\/","article_modified_time":"2025-09-02T07:23:26+00:00","twitter_card":"summary_large_image","twitter_misc":{"Est. reading time":"3 minutes"},"schema":{"@context":"https:\/\/schema.org","@graph":[{"@type":"WebPage","@id":"https:\/\/www.mayerschaltechnik.de\/impressum\/","url":"https:\/\/www.mayerschaltechnik.de\/impressum\/","name":"Legal Notice | Mayer Schaltechnik GmbH","isPartOf":{"@id":"https:\/\/www.mayerschaltechnik.de\/#website"},"datePublished":"2021-02-19T12:53:53+00:00","dateModified":"2025-09-02T07:23:26+00:00","description":"This is the legal notice of Mayer Schaltechnik GmbH, Richtbergstr. 8, 97493 Bergrheinfeld, Germany, Phone: +49 (0)9721 78960.","breadcrumb":{"@id":"https:\/\/www.mayerschaltechnik.de\/impressum\/#breadcrumb"},"inLanguage":"en-US","potentialAction":[{"@type":"ReadAction","target":["https:\/\/www.mayerschaltechnik.de\/impressum\/"]}]},{"@type":"BreadcrumbList","@id":"https:\/\/www.mayerschaltechnik.de\/impressum\/#breadcrumb","itemListElement":[{"@type":"ListItem","position":1,"name":"Startseite","item":"https:\/\/www.mayerschaltechnik.de\/en\/"},{"@type":"ListItem","position":2,"name":"Legal notice"}]},{"@type":"WebSite","@id":"https:\/\/www.mayerschaltechnik.de\/#website","url":"https:\/\/www.mayerschaltechnik.de\/","name":"Mayer Schaltechnik GmbH","description":"","publisher":{"@id":"https:\/\/www.mayerschaltechnik.de\/#organization"},"potentialAction":[{"@type":"SearchAction","target":{"@type":"EntryPoint","urlTemplate":"https:\/\/www.mayerschaltechnik.de\/?s={search_term_string}"},"query-input":{"@type":"PropertyValueSpecification","valueRequired":true,"valueName":"search_term_string"}}],"inLanguage":"en-US"},{"@type":"Organization","@id":"https:\/\/www.mayerschaltechnik.de\/#organization","name":"Mayer Schaltechnik GmbH","url":"https:\/\/www.mayerschaltechnik.de\/","logo":{"@type":"ImageObject","inLanguage":"en-US","@id":"https:\/\/www.mayerschaltechnik.de\/#\/schema\/logo\/image\/","url":"https:\/\/www.mayerschaltechnik.de\/wp-content\/uploads\/2021\/02\/logo-schwarz-1.svg","contentUrl":"https:\/\/www.mayerschaltechnik.de\/wp-content\/uploads\/2021\/02\/logo-schwarz-1.svg","width":1,"height":1,"caption":"Mayer Schaltechnik GmbH"},"image":{"@id":"https:\/\/www.mayerschaltechnik.de\/#\/schema\/logo\/image\/"},"sameAs":["https:\/\/www.facebook.com\/mayerschaltechnik\/","https:\/\/www.linkedin.com\/company\/mayer-schaltechnik-gmbh\/","https:\/\/www.xing.com\/pages\/mayer-schaltechnik-gmbh\/","https:\/\/www.youtube.com\/channel\/UCrNc0AeuwrX6S-m9fAUj0wg"]}]}},"_links":{"self":[{"href":"https:\/\/www.mayerschaltechnik.de\/en\/wp-json\/wp\/v2\/pages\/4641","targetHints":{"allow":["GET"]}}],"collection":[{"href":"https:\/\/www.mayerschaltechnik.de\/en\/wp-json\/wp\/v2\/pages"}],"about":[{"href":"https:\/\/www.mayerschaltechnik.de\/en\/wp-json\/wp\/v2\/types\/page"}],"author":[{"embeddable":true,"href":"https:\/\/www.mayerschaltechnik.de\/en\/wp-json\/wp\/v2\/users\/13"}],"replies":[{"embeddable":true,"href":"https:\/\/www.mayerschaltechnik.de\/en\/wp-json\/wp\/v2\/comments?post=4641"}],"version-history":[{"count":39,"href":"https:\/\/www.mayerschaltechnik.de\/en\/wp-json\/wp\/v2\/pages\/4641\/revisions"}],"predecessor-version":[{"id":9460,"href":"https:\/\/www.mayerschaltechnik.de\/en\/wp-json\/wp\/v2\/pages\/4641\/revisions\/9460"}],"wp:attachment":[{"href":"https:\/\/www.mayerschaltechnik.de\/en\/wp-json\/wp\/v2\/media?parent=4641"}],"curies":[{"name":"wp","href":"https:\/\/api.w.org\/{rel}","templated":true}]}}